{"id":12822,"date":"2023-02-16T10:46:34","date_gmt":"2023-02-16T09:46:34","guid":{"rendered":"https:\/\/agenapisos.com\/enllacos\/"},"modified":"2024-03-21T12:59:32","modified_gmt":"2024-03-21T11:59:32","slug":"enlaces","status":"publish","type":"page","link":"https:\/\/agenapisos.com\/es\/enlaces\/","title":{"rendered":"Enlaces"},"content":{"rendered":"<div class=\"gb-container gb-container-7fe19b94 gb-container-container-espaiat-gran\"><div class=\"gb-inside-container\">\n<div class=\"gb-grid-wrapper gb-grid-wrapper-a76834de gb-grid-wrapper-enllacos-grid\">\n<div class=\"gb-grid-column gb-grid-column-7013c872 gb-grid-column-enllacos-item\"><div class=\"gb-container gb-container-7013c872 gb-container-enllacos-item\"><a class=\"gb-container-link\" href=\"https:\/\/www.cafbl.cat\/\" rel=\"noopener noreferrer\" target=\"_blank\"><\/a><div class=\"gb-inside-container\">\n\n<figure class=\"gb-block-image gb-block-image-7f8589e6\"><img loading=\"lazy\" decoding=\"async\" width=\"600\" height=\"136\" class=\"gb-image gb-image-7f8589e6 gb-image-enllacos-img\" src=\"https:\/\/agenapisos.com\/wp-content\/uploads\/2023\/02\/logo-cafbl.jpg\" alt=\"\" srcset=\"https:\/\/agenapisos.com\/wp-content\/uploads\/2023\/02\/logo-cafbl.jpg 600w, https:\/\/agenapisos.com\/wp-content\/uploads\/2023\/02\/logo-cafbl-400x91.jpg 400w\" sizes=\"auto, (max-width: 600px) 100vw, 600px\"><\/figure>\n\n\n<div class=\"gb-grid-wrapper gb-grid-wrapper-enllacos-txt-grid gb-grid-wrapper-enllacos-txt-grid\">\n<div class=\"gb-grid-column gb-grid-column-enllacos-txt-container gb-grid-column-enllacos-txt-container\"><div class=\"gb-container gb-container-enllacos-txt-container gb-container-enllacos-txt-container\"><div class=\"gb-inside-container\">\n\n<div class=\"gb-headline gb-headline-enllacos-txt gb-headline-text gb-headline-enllacos-txt\">Col\u00b7legi d&#8217;Administradors de Finques de Barcelona &#8211; Lleida<\/div>\n\n<\/div><\/div><\/div>\n<\/div>\n<\/div><\/div><\/div>\n\n<div class=\"gb-grid-column gb-grid-column-a36da66e gb-grid-column-enllacos-item\"><div class=\"gb-container gb-container-a36da66e gb-container-enllacos-item\"><a class=\"gb-container-link\" href=\"http:\/\/web.gencat.cat\/ca\/tramits\" rel=\"noopener noreferrer\" target=\"_blank\"><\/a><div class=\"gb-inside-container\">\n\n<figure class=\"gb-block-image gb-block-image-48b877a6\"><img loading=\"lazy\" decoding=\"async\" width=\"600\" height=\"155\" class=\"gb-image gb-image-48b877a6 gb-image-enllacos-img\" src=\"https:\/\/agenapisos.com\/wp-content\/uploads\/2023\/02\/logo-generalitat-de-catalunya.jpg\" alt=\"\" title=\"logo-generalitat-de-catalunya\" srcset=\"https:\/\/agenapisos.com\/wp-content\/uploads\/2023\/02\/logo-generalitat-de-catalunya.jpg 600w, https:\/\/agenapisos.com\/wp-content\/uploads\/2023\/02\/logo-generalitat-de-catalunya-400x103.jpg 400w\" sizes=\"auto, (max-width: 600px) 100vw, 600px\"><\/figure>\n\n\n<div class=\"gb-grid-wrapper gb-grid-wrapper-c8f687bb gb-grid-wrapper-enllacos-txt-grid\">\n<div class=\"gb-grid-column gb-grid-column-ad73b385 gb-grid-column-enllacos-txt-container\"><div class=\"gb-container gb-container-ad73b385 gb-container-enllacos-txt-container\"><div class=\"gb-inside-container\">\n\n<div class=\"gb-headline gb-headline-31618699 gb-headline-text gb-headline-enllacos-txt\">Generalitat de Catalunya<\/div>\n\n<\/div><\/div><\/div>\n<\/div>\n<\/div><\/div><\/div>\n\n<div class=\"gb-grid-column gb-grid-column-20ed656d gb-grid-column-enllacos-item\"><div class=\"gb-container gb-container-20ed656d gb-container-enllacos-item\"><a class=\"gb-container-link\" href=\"https:\/\/sede.agenciatributaria.gob.es\/Sede\/todas-gestiones.html\" rel=\"noopener noreferrer\" target=\"_blank\"><\/a><div class=\"gb-inside-container\">\n\n<figure class=\"gb-block-image gb-block-image-b863a147\"><img loading=\"lazy\" decoding=\"async\" width=\"600\" height=\"350\" class=\"gb-image gb-image-b863a147 gb-image-enllacos-img\" src=\"https:\/\/agenapisos.com\/wp-content\/uploads\/2023\/02\/logo-agencia-tributaria.jpg\" alt=\"\" title=\"logo-agencia-tributaria\" srcset=\"https:\/\/agenapisos.com\/wp-content\/uploads\/2023\/02\/logo-agencia-tributaria.jpg 600w, https:\/\/agenapisos.com\/wp-content\/uploads\/2023\/02\/logo-agencia-tributaria-400x233.jpg 400w\" sizes=\"auto, (max-width: 600px) 100vw, 600px\"><\/figure>\n\n\n<div class=\"gb-grid-wrapper gb-grid-wrapper-9eedf335 gb-grid-wrapper-enllacos-txt-grid\">\n<div class=\"gb-grid-column gb-grid-column-0c7357a9 gb-grid-column-enllacos-txt-container\"><div class=\"gb-container gb-container-0c7357a9 gb-container-enllacos-txt-container\"><div class=\"gb-inside-container\">\n\n<div class=\"gb-headline gb-headline-85be17de gb-headline-text gb-headline-enllacos-txt\">Ag\u00e8ncia Tributaria<\/div>\n\n<\/div><\/div><\/div>\n<\/div>\n<\/div><\/div><\/div>\n\n<div class=\"gb-grid-column gb-grid-column-ca2739f8 gb-grid-column-enllacos-item\"><div class=\"gb-container gb-container-ca2739f8 gb-container-enllacos-item\"><a class=\"gb-container-link\" href=\"http:\/\/incasol.gencat.cat\/ca\" rel=\"noopener noreferrer\" target=\"_blank\"><\/a><div class=\"gb-inside-container\">\n\n<figure class=\"gb-block-image gb-block-image-a6b46617\"><img loading=\"lazy\" decoding=\"async\" width=\"600\" height=\"269\" class=\"gb-image gb-image-a6b46617 gb-image-enllacos-img\" src=\"https:\/\/agenapisos.com\/wp-content\/uploads\/2023\/02\/logo-incasol.jpg\" alt=\"\" title=\"logo-incasol\" srcset=\"https:\/\/agenapisos.com\/wp-content\/uploads\/2023\/02\/logo-incasol.jpg 600w, https:\/\/agenapisos.com\/wp-content\/uploads\/2023\/02\/logo-incasol-400x179.jpg 400w\" sizes=\"auto, (max-width: 600px) 100vw, 600px\"><\/figure>\n\n\n<div class=\"gb-grid-wrapper gb-grid-wrapper-37126f39 gb-grid-wrapper-enllacos-txt-grid\">\n<div class=\"gb-grid-column gb-grid-column-870d73c9 gb-grid-column-enllacos-txt-container\"><div class=\"gb-container gb-container-870d73c9 gb-container-enllacos-txt-container\"><div class=\"gb-inside-container\">\n\n<div class=\"gb-headline gb-headline-a3d6a5ed gb-headline-text gb-headline-enllacos-txt\">INCAS\u00d2L. Institut Catal\u00e0 del S\u00f2l<\/div>\n\n<\/div><\/div><\/div>\n<\/div>\n<\/div><\/div><\/div>\n\n<div class=\"gb-grid-column gb-grid-column-c6f5fef5 gb-grid-column-enllacos-item\"><div class=\"gb-container gb-container-c6f5fef5 gb-container-enllacos-item\"><a class=\"gb-container-link\" href=\"http:\/\/etributs.gencat.cat\/ca\/\" rel=\"noopener noreferrer\" target=\"_blank\"><\/a><div class=\"gb-inside-container\">\n\n<figure class=\"gb-block-image gb-block-image-27cfdb44\"><img decoding=\"async\" class=\"gb-image gb-image-27cfdb44 gb-image-enllacos-img\" src=\"https:\/\/agenapisos.com\/wp-content\/uploads\/2023\/02\/logo-agencia-tributaria-catalunya.jpg\" alt=\"\" title=\"logo-agencia-tributaria-catalunya\">\n<figcaption class=\"gb-headline gb-headline-e1a92ec1 gb-headline-text\"><\/figcaption>\n<\/figure>\n\n\n<div class=\"gb-grid-wrapper gb-grid-wrapper-7d8a150a gb-grid-wrapper-enllacos-txt-grid\">\n<div class=\"gb-grid-column gb-grid-column-62f53e31 gb-grid-column-enllacos-txt-container\"><div class=\"gb-container gb-container-62f53e31 gb-container-enllacos-txt-container\"><div class=\"gb-inside-container\">\n\n<div class=\"gb-headline gb-headline-ca62917a gb-headline-text gb-headline-enllacos-txt\">Ag\u00e8ncia Tribut\u00e0ria de Catalunya<\/div>\n\n<\/div><\/div><\/div>\n<\/div>\n<\/div><\/div><\/div>\n\n<div class=\"gb-grid-column gb-grid-column-a6543781 gb-grid-column-enllacos-item\"><div class=\"gb-container gb-container-a6543781 gb-container-enllacos-item\"><a class=\"gb-container-link\" href=\"http:\/\/www.seg-social.es\/\" rel=\"noopener noreferrer\" target=\"_blank\"><\/a><div class=\"gb-inside-container\">\n\n<figure class=\"gb-block-image gb-block-image-3775ccf1\"><img loading=\"lazy\" decoding=\"async\" width=\"211\" height=\"119\" class=\"gb-image gb-image-3775ccf1 gb-image-enllacos-img\" src=\"https:\/\/agenapisos.com\/wp-content\/uploads\/2023\/02\/logo-seguridad-social.jpg\" alt=\"\" title=\"logo-seguridad-social\"><\/figure>\n\n\n<div class=\"gb-grid-wrapper gb-grid-wrapper-9654e75d gb-grid-wrapper-enllacos-txt-grid\">\n<div class=\"gb-grid-column gb-grid-column-24007e3f gb-grid-column-enllacos-txt-container\"><div class=\"gb-container gb-container-24007e3f gb-container-enllacos-txt-container\"><div class=\"gb-inside-container\">\n\n<div class=\"gb-headline gb-headline-32e3a2e9 gb-headline-text gb-headline-enllacos-txt\">Seguridad Social<\/div>\n\n<\/div><\/div><\/div>\n<\/div>\n<\/div><\/div><\/div>\n\n<div class=\"gb-grid-column gb-grid-column-a03ee623 gb-grid-column-enllacos-item\"><div class=\"gb-container gb-container-a03ee623 gb-container-enllacos-item\"><a class=\"gb-container-link\" href=\"https:\/\/sede.registradores.org\/site\/\" rel=\"noopener noreferrer\" target=\"_blank\"><\/a><div class=\"gb-inside-container\">\n\n<figure class=\"gb-block-image gb-block-image-383498ab\"><img loading=\"lazy\" decoding=\"async\" width=\"580\" height=\"245\" class=\"gb-image gb-image-383498ab gb-image-enllacos-img\" src=\"https:\/\/agenapisos.com\/wp-content\/uploads\/2023\/02\/logo-registradores-de-espana.jpg\" alt=\"\" title=\"logo-registradores-de-espana\" srcset=\"https:\/\/agenapisos.com\/wp-content\/uploads\/2023\/02\/logo-registradores-de-espana.jpg 580w, https:\/\/agenapisos.com\/wp-content\/uploads\/2023\/02\/logo-registradores-de-espana-400x169.jpg 400w\" sizes=\"auto, (max-width: 580px) 100vw, 580px\"><\/figure>\n\n\n<div class=\"gb-grid-wrapper gb-grid-wrapper-64c94afd gb-grid-wrapper-enllacos-txt-grid\">\n<div class=\"gb-grid-column gb-grid-column-d8be9df4 gb-grid-column-enllacos-txt-container\"><div class=\"gb-container gb-container-d8be9df4 gb-container-enllacos-txt-container\"><div class=\"gb-inside-container\">\n\n<div class=\"gb-headline gb-headline-a1dacd16 gb-headline-text gb-headline-enllacos-txt\">Registradores de Espa\u00f1a<\/div>\n\n<\/div><\/div><\/div>\n<\/div>\n<\/div><\/div><\/div>\n\n<div class=\"gb-grid-column gb-grid-column-f6ebc7b1 gb-grid-column-enllacos-item\"><div class=\"gb-container gb-container-f6ebc7b1 gb-container-enllacos-item\"><a class=\"gb-container-link\" href=\"http:\/\/www.notariosyregistradores.com\/web\/\" rel=\"noopener noreferrer\" target=\"_blank\"><\/a><div class=\"gb-inside-container\">\n\n<figure class=\"gb-block-image gb-block-image-268e4285\"><img loading=\"lazy\" decoding=\"async\" width=\"600\" height=\"511\" class=\"gb-image gb-image-268e4285 gb-image-enllacos-img\" src=\"https:\/\/agenapisos.com\/wp-content\/uploads\/2023\/02\/logo-notarios-y-registradores.com_.jpg\" alt=\"\" title=\"logo-notarios-y-registradores.com\" srcset=\"https:\/\/agenapisos.com\/wp-content\/uploads\/2023\/02\/logo-notarios-y-registradores.com_.jpg 600w, https:\/\/agenapisos.com\/wp-content\/uploads\/2023\/02\/logo-notarios-y-registradores.com_-400x341.jpg 400w\" sizes=\"auto, (max-width: 600px) 100vw, 600px\"><\/figure>\n\n\n<div class=\"gb-grid-wrapper gb-grid-wrapper-3a8e310d gb-grid-wrapper-enllacos-txt-grid\">\n<div class=\"gb-grid-column gb-grid-column-60d4a15a gb-grid-column-enllacos-txt-container\"><div class=\"gb-container gb-container-60d4a15a gb-container-enllacos-txt-container\"><div class=\"gb-inside-container\">\n\n<div class=\"gb-headline gb-headline-025a6a85 gb-headline-text gb-headline-enllacos-txt\">Notarios y Registradores<\/div>\n\n<\/div><\/div><\/div>\n<\/div>\n<\/div><\/div><\/div>\n\n<div class=\"gb-grid-column gb-grid-column-b16e7f1e gb-grid-column-enllacos-item\"><div class=\"gb-container gb-container-b16e7f1e gb-container-enllacos-item\"><a class=\"gb-container-link\" href=\"https:\/\/www1.sedecatastro.gob.es\/Cartografia\/mapa.aspx?buscar=S\" rel=\"noopener noreferrer\" target=\"_blank\"><\/a><div class=\"gb-inside-container\">\n\n<figure class=\"gb-block-image gb-block-image-6a6dd774\"><img loading=\"lazy\" decoding=\"async\" width=\"450\" height=\"150\" class=\"gb-image gb-image-6a6dd774 gb-image-enllacos-img\" src=\"https:\/\/agenapisos.com\/wp-content\/uploads\/2023\/02\/logo-catastro.jpg\" alt=\"\" title=\"logo-catastro\" srcset=\"https:\/\/agenapisos.com\/wp-content\/uploads\/2023\/02\/logo-catastro.jpg 450w, https:\/\/agenapisos.com\/wp-content\/uploads\/2023\/02\/logo-catastro-400x133.jpg 400w\" sizes=\"auto, (max-width: 450px) 100vw, 450px\"><\/figure>\n\n\n<div class=\"gb-grid-wrapper gb-grid-wrapper-8ef17d2a gb-grid-wrapper-enllacos-txt-grid\">\n<div class=\"gb-grid-column gb-grid-column-65552f17 gb-grid-column-enllacos-txt-container\"><div class=\"gb-container gb-container-65552f17 gb-container-enllacos-txt-container\"><div class=\"gb-inside-container\">\n\n<div class=\"gb-headline gb-headline-b676ece8 gb-headline-text gb-headline-enllacos-txt\">Sede electr\u00f3nica del catastro<\/div>\n\n<\/div><\/div><\/div>\n<\/div>\n<\/div><\/div><\/div>\n\n<div class=\"gb-grid-column gb-grid-column-0c93609d gb-grid-column-enllacos-item\"><div class=\"gb-container gb-container-0c93609d gb-container-enllacos-item\"><a class=\"gb-container-link\" href=\"http:\/\/www.ine.es\/varipc\/index.do\" rel=\"noopener noreferrer\" target=\"_blank\"><\/a><div class=\"gb-inside-container\">\n\n<figure class=\"gb-block-image gb-block-image-a76cba84\"><img loading=\"lazy\" decoding=\"async\" width=\"326\" height=\"125\" class=\"gb-image gb-image-a76cba84 gb-image-enllacos-img\" src=\"https:\/\/agenapisos.com\/wp-content\/uploads\/2023\/02\/logo-instituto-nacional-de-estadistica.jpg\" alt=\"\" title=\"logo-instituto-nacional-de-estadistica\"><\/figure>\n\n\n<div class=\"gb-grid-wrapper gb-grid-wrapper-3ef2f314 gb-grid-wrapper-enllacos-txt-grid\">\n<div class=\"gb-grid-column gb-grid-column-544243fd gb-grid-column-enllacos-txt-container\"><div class=\"gb-container gb-container-544243fd gb-container-enllacos-txt-container\"><div class=\"gb-inside-container\">\n\n<div class=\"gb-headline gb-headline-cd39ee85 gb-headline-text gb-headline-enllacos-txt\">Instituto Nacional de Estad\u00edstica<\/div>\n\n<\/div><\/div><\/div>\n<\/div>\n<\/div><\/div><\/div>\n\n<div class=\"gb-grid-column gb-grid-column-4c8cc12f gb-grid-column-enllacos-item\"><div class=\"gb-container gb-container-4c8cc12f gb-container-enllacos-item\"><a class=\"gb-container-link\" href=\"http:\/\/orgt.diba.cat\/cat\/\" rel=\"noopener noreferrer\" target=\"_blank\"><\/a><div class=\"gb-inside-container\">\n\n<figure class=\"gb-block-image gb-block-image-6b3f130f\"><img loading=\"lazy\" decoding=\"async\" width=\"820\" height=\"300\" class=\"gb-image gb-image-6b3f130f gb-image-enllacos-img\" src=\"https:\/\/agenapisos.com\/wp-content\/uploads\/2023\/02\/logo-diputacio-de-barcelona.jpg\" alt=\"\" title=\"logo-diputacio-de-barcelona\" srcset=\"https:\/\/agenapisos.com\/wp-content\/uploads\/2023\/02\/logo-diputacio-de-barcelona.jpg 820w, https:\/\/agenapisos.com\/wp-content\/uploads\/2023\/02\/logo-diputacio-de-barcelona-400x146.jpg 400w, https:\/\/agenapisos.com\/wp-content\/uploads\/2023\/02\/logo-diputacio-de-barcelona-768x281.jpg 768w\" sizes=\"auto, (max-width: 820px) 100vw, 820px\"><\/figure>\n\n\n<div class=\"gb-grid-wrapper gb-grid-wrapper-13451ef9 gb-grid-wrapper-enllacos-txt-grid\">\n<div class=\"gb-grid-column gb-grid-column-4c2aa261 gb-grid-column-enllacos-txt-container\"><div class=\"gb-container gb-container-4c2aa261 gb-container-enllacos-txt-container\"><div class=\"gb-inside-container\">\n\n<div class=\"gb-headline gb-headline-950924ed gb-headline-text gb-headline-enllacos-txt\">Diputaci\u00f3 de Barcelona<\/div>\n\n<\/div><\/div><\/div>\n<\/div>\n<\/div><\/div><\/div>\n\n<div class=\"gb-grid-column gb-grid-column-9ec076ba gb-grid-column-enllacos-item\"><div class=\"gb-container gb-container-9ec076ba gb-container-enllacos-item\"><a class=\"gb-container-link\" href=\"http:\/\/www.bcn.cat\/guia\/bcnpicc.html\" rel=\"noopener noreferrer\" target=\"_blank\"><\/a><div class=\"gb-inside-container\">\n\n<figure class=\"gb-block-image gb-block-image-80cd3328\"><img loading=\"lazy\" decoding=\"async\" width=\"933\" height=\"354\" class=\"gb-image gb-image-80cd3328 gb-image-enllacos-img\" src=\"https:\/\/agenapisos.com\/wp-content\/uploads\/2023\/02\/logo-ajuntament-barcelona.jpg\" alt=\"\" title=\"logo-ajuntament-barcelona\" srcset=\"https:\/\/agenapisos.com\/wp-content\/uploads\/2023\/02\/logo-ajuntament-barcelona.jpg 933w, https:\/\/agenapisos.com\/wp-content\/uploads\/2023\/02\/logo-ajuntament-barcelona-400x152.jpg 400w, https:\/\/agenapisos.com\/wp-content\/uploads\/2023\/02\/logo-ajuntament-barcelona-768x291.jpg 768w\" sizes=\"auto, (max-width: 933px) 100vw, 933px\"><\/figure>\n\n\n<div class=\"gb-grid-wrapper gb-grid-wrapper-5bc208fd gb-grid-wrapper-enllacos-txt-grid\">\n<div class=\"gb-grid-column gb-grid-column-612d2a32 gb-grid-column-enllacos-txt-container\"><div class=\"gb-container gb-container-612d2a32 gb-container-enllacos-txt-container\"><div class=\"gb-inside-container\">\n\n<div class=\"gb-headline gb-headline-247e1da8 gb-headline-text gb-headline-enllacos-txt\">Ajuntament Barcelona.<br><em>Punt informaci\u00f3 Cartografica<\/em><\/div>\n\n<\/div><\/div><\/div>\n<\/div>\n<\/div><\/div><\/div>\n\n<div class=\"gb-grid-column gb-grid-column-b5c7dbec gb-grid-column-enllacos-item\"><div class=\"gb-container gb-container-b5c7dbec gb-container-enllacos-item\"><a class=\"gb-container-link\" href=\"http:\/\/www.lavanguardia.com\/\" rel=\"noopener noreferrer\" target=\"_blank\"><\/a><div class=\"gb-inside-container\">\n\n<figure class=\"gb-block-image gb-block-image-c2b0911f\"><img loading=\"lazy\" decoding=\"async\" width=\"512\" height=\"512\" class=\"gb-image gb-image-c2b0911f gb-image-enllacos-img\" src=\"https:\/\/agenapisos.com\/wp-content\/uploads\/2023\/02\/logo-noticies-1.jpg\" alt=\"\" title=\"logo-noticies\" srcset=\"https:\/\/agenapisos.com\/wp-content\/uploads\/2023\/02\/logo-noticies-1.jpg 512w, https:\/\/agenapisos.com\/wp-content\/uploads\/2023\/02\/logo-noticies-1-400x400.jpg 400w, https:\/\/agenapisos.com\/wp-content\/uploads\/2023\/02\/logo-noticies-1-150x150.jpg 150w\" sizes=\"auto, (max-width: 512px) 100vw, 512px\"><\/figure>\n\n\n<div class=\"gb-grid-wrapper gb-grid-wrapper-baabbe93 gb-grid-wrapper-enllacos-txt-grid\">\n<div class=\"gb-grid-column gb-grid-column-d7cb05eb gb-grid-column-enllacos-txt-container\"><div class=\"gb-container gb-container-d7cb05eb gb-container-enllacos-txt-container\"><div class=\"gb-inside-container\">\n\n<div class=\"gb-headline gb-headline-9b4ae48a gb-headline-text gb-headline-enllacos-txt\">Not\u00edcies<\/div>\n\n<\/div><\/div><\/div>\n<\/div>\n<\/div><\/div><\/div>\n\n<div class=\"gb-grid-column gb-grid-column-5ccfb49a gb-grid-column-enllacos-item\"><div class=\"gb-container gb-container-5ccfb49a gb-container-enllacos-item\"><a class=\"gb-container-link\" href=\"http:\/\/www.agenapisos.com\" rel=\"noopener noreferrer\" target=\"_blank\"><\/a><div class=\"gb-inside-container\">\n\n<figure class=\"gb-block-image gb-block-image-b4d0f89c\"><img loading=\"lazy\" decoding=\"async\" width=\"512\" height=\"512\" class=\"gb-image gb-image-b4d0f89c gb-image-enllacos-img\" src=\"https:\/\/agenapisos.com\/wp-content\/uploads\/2023\/02\/logo-buscador-cedulas.jpg\" alt=\"\" title=\"logo-buscador-cedulas\" srcset=\"https:\/\/agenapisos.com\/wp-content\/uploads\/2023\/02\/logo-buscador-cedulas.jpg 512w, https:\/\/agenapisos.com\/wp-content\/uploads\/2023\/02\/logo-buscador-cedulas-400x400.jpg 400w, https:\/\/agenapisos.com\/wp-content\/uploads\/2023\/02\/logo-buscador-cedulas-150x150.jpg 150w\" sizes=\"auto, (max-width: 512px) 100vw, 512px\"><\/figure>\n\n\n<div class=\"gb-grid-wrapper gb-grid-wrapper-058d0ce9 gb-grid-wrapper-enllacos-txt-grid\">\n<div class=\"gb-grid-column gb-grid-column-e390f7ef gb-grid-column-enllacos-txt-container\"><div class=\"gb-container gb-container-e390f7ef gb-container-enllacos-txt-container\"><div class=\"gb-inside-container\">\n\n<div class=\"gb-headline gb-headline-fa0eddef gb-headline-text gb-headline-enllacos-txt\">Buscador CEDULAS<\/div>\n\n<\/div><\/div><\/div>\n<\/div>\n<\/div><\/div><\/div>\n\n<div class=\"gb-grid-column gb-grid-column-4125c004 gb-grid-column-enllacos-item\"><div class=\"gb-container gb-container-4125c004 gb-container-enllacos-item\"><a class=\"gb-container-link\" href=\"https:\/\/certificacioenergetica.gencat.cat\/icaen-visor\/AppJava\/services\/certificats\/show?language=ca_ES\" rel=\"noopener noreferrer\" target=\"_blank\"><\/a><div class=\"gb-inside-container\">\n\n<figure class=\"gb-block-image gb-block-image-24445cbd\"><img loading=\"lazy\" decoding=\"async\" width=\"512\" height=\"512\" class=\"gb-image gb-image-24445cbd gb-image-enllacos-img\" src=\"https:\/\/agenapisos.com\/wp-content\/uploads\/2023\/02\/logo-certificado-energetico.jpg\" alt=\"\" title=\"logo-certificado-energetico\" srcset=\"https:\/\/agenapisos.com\/wp-content\/uploads\/2023\/02\/logo-certificado-energetico.jpg 512w, https:\/\/agenapisos.com\/wp-content\/uploads\/2023\/02\/logo-certificado-energetico-400x400.jpg 400w, https:\/\/agenapisos.com\/wp-content\/uploads\/2023\/02\/logo-certificado-energetico-150x150.jpg 150w\" sizes=\"auto, (max-width: 512px) 100vw, 512px\"><\/figure>\n\n\n<div class=\"gb-grid-wrapper gb-grid-wrapper-e80059cd gb-grid-wrapper-enllacos-txt-grid\">\n<div class=\"gb-grid-column gb-grid-column-ac6c71b5 gb-grid-column-enllacos-txt-container\"><div class=\"gb-container gb-container-ac6c71b5 gb-container-enllacos-txt-container\"><div class=\"gb-inside-container\">\n\n<div class=\"gb-headline gb-headline-b59d2c71 gb-headline-text gb-headline-enllacos-txt\">Certificat Eficiencia Energ\u00e8tica<\/div>\n\n<\/div><\/div><\/div>\n<\/div>\n<\/div><\/div><\/div>\n\n<div class=\"gb-grid-column gb-grid-column-c4f8b55e gb-grid-column-enllacos-item\"><div class=\"gb-container gb-container-c4f8b55e gb-container-enllacos-item\"><a class=\"gb-container-link\" href=\"http:\/\/agenciahabitatge.gencat.cat\/indexdelloguer\/\" rel=\"noopener noreferrer\" target=\"_blank\"><\/a><div class=\"gb-inside-container\">\n\n<figure class=\"gb-block-image gb-block-image-f247a0fa\"><img loading=\"lazy\" decoding=\"async\" width=\"512\" height=\"512\" class=\"gb-image gb-image-f247a0fa gb-image-enllacos-img\" src=\"https:\/\/agenapisos.com\/wp-content\/uploads\/2023\/02\/logo-index-preu-lloguer-catalunya.jpg\" alt=\"\" title=\"logo-index-preu-lloguer-catalunya\" srcset=\"https:\/\/agenapisos.com\/wp-content\/uploads\/2023\/02\/logo-index-preu-lloguer-catalunya.jpg 512w, https:\/\/agenapisos.com\/wp-content\/uploads\/2023\/02\/logo-index-preu-lloguer-catalunya-400x400.jpg 400w, https:\/\/agenapisos.com\/wp-content\/uploads\/2023\/02\/logo-index-preu-lloguer-catalunya-150x150.jpg 150w\" sizes=\"auto, (max-width: 512px) 100vw, 512px\"><\/figure>\n\n\n<div class=\"gb-grid-wrapper gb-grid-wrapper-0130628c gb-grid-wrapper-enllacos-txt-grid\">\n<div class=\"gb-grid-column gb-grid-column-1915ad16 gb-grid-column-enllacos-txt-container\"><div class=\"gb-container gb-container-1915ad16 gb-container-enllacos-txt-container\"><div class=\"gb-inside-container\">\n\n<div class=\"gb-headline gb-headline-9547323c gb-headline-text gb-headline-enllacos-txt\">Index preu LLOGUER Catalunya<\/div>\n\n<\/div><\/div><\/div>\n<\/div>\n<\/div><\/div><\/div>\n\n<div class=\"gb-grid-column gb-grid-column-2ca8d5c9 gb-grid-column-enllacos-item\"><div class=\"gb-container gb-container-2ca8d5c9 gb-container-enllacos-item\"><a class=\"gb-container-link\" href=\"https:\/\/certificacioenergetica.gencat.cat\/icaen-visor\/AppJava\/services\/certificats\/show?language=ca_ES\" rel=\"noopener noreferrer\" target=\"_blank\"><\/a><div class=\"gb-inside-container\">\n\n<figure class=\"gb-block-image gb-block-image-96a88451\"><img loading=\"lazy\" decoding=\"async\" width=\"512\" height=\"512\" class=\"gb-image gb-image-96a88451 gb-image-enllacos-img\" src=\"https:\/\/agenapisos.com\/wp-content\/uploads\/2023\/02\/logo-noticies-inmobiliaria.jpg\" alt=\"\" title=\"logo-noticies-inmobiliaria\" srcset=\"https:\/\/agenapisos.com\/wp-content\/uploads\/2023\/02\/logo-noticies-inmobiliaria.jpg 512w, https:\/\/agenapisos.com\/wp-content\/uploads\/2023\/02\/logo-noticies-inmobiliaria-400x400.jpg 400w, https:\/\/agenapisos.com\/wp-content\/uploads\/2023\/02\/logo-noticies-inmobiliaria-150x150.jpg 150w\" sizes=\"auto, (max-width: 512px) 100vw, 512px\"><\/figure>\n\n\n<div class=\"gb-grid-wrapper gb-grid-wrapper-b58217ee gb-grid-wrapper-enllacos-txt-grid\">\n<div class=\"gb-grid-column gb-grid-column-b9749f03 gb-grid-column-enllacos-txt-container\"><div class=\"gb-container gb-container-b9749f03 gb-container-enllacos-txt-container\"><div class=\"gb-inside-container\">\n\n<div class=\"gb-headline gb-headline-8d4a14d2 gb-headline-text gb-headline-enllacos-txt\">Noticias prensa inmobiliaria<\/div>\n\n<\/div><\/div><\/div>\n<\/div>\n<\/div><\/div><\/div>\n\n<div class=\"gb-grid-column gb-grid-column-15d055fa gb-grid-column-enllacos-item\"><div class=\"gb-container gb-container-15d055fa gb-container-enllacos-item\"><a class=\"gb-container-link\" href=\"https:\/\/certificacioenergetica.gencat.cat\/icaen-visor\/AppJava\/services\/certificats\/show?language=ca_ES\" rel=\"noopener noreferrer\" target=\"_blank\"><\/a><div class=\"gb-inside-container\">\n<div class=\"gb-grid-wrapper gb-grid-wrapper-aed8006a gb-grid-wrapper-enllacos-txt-grid\">\n<div class=\"gb-grid-column gb-grid-column-8fe8192a gb-grid-column-enllacos-txt-container\"><div class=\"gb-container gb-container-8fe8192a gb-container-enllacos-txt-container\"><div class=\"gb-inside-container\">\n\n<div class=\"gb-headline gb-headline-94a9df28 gb-headline-text gb-headline-enllacos-txt\">MANUAL APLICACION NUEVA LEY VIVIENDA- GU\u00cdA COLEGIO APIS<\/div>\n\n\n\n<figure class=\"wp-block-image size-full\"><img loading=\"lazy\" decoding=\"async\" width=\"700\" height=\"467\" src=\"https:\/\/agenapisos.com\/wp-content\/uploads\/2024\/03\/ley-indice-referencia-precio-alquiler-1.webp\" alt=\"\" class=\"wp-image-22067\" srcset=\"https:\/\/agenapisos.com\/wp-content\/uploads\/2024\/03\/ley-indice-referencia-precio-alquiler-1.webp 700w, https:\/\/agenapisos.com\/wp-content\/uploads\/2024\/03\/ley-indice-referencia-precio-alquiler-1-400x267.webp 400w\" sizes=\"auto, (max-width: 700px) 100vw, 700px\" \/><\/figure>\n\n<\/div><\/div><\/div>\n<\/div>\n\n\n<p class=\"has-small-font-size\"><a href=\"https:\/\/8171499.fs1.hubspotusercontent-na1.net\/hubfs\/8171499\/Legal\/20240315%20AFD_Breu_Guia_contenci%C3%B3%20de%20rendes_es.pdf?utm_campaign=Legal%20Q1%202024&amp;utm_medium=email&amp;_hsmi=298462150&amp;_hsenc=p2ANqtz\u2013S1DXECV1x65qNBX9hQdsZ5aYIWpLgXr0eH5uerz1Ih64epFB31QhGZUI1rEf3N-1_o4TC8Iz1ZP31ROSofyqzN-6GBw&amp;utm_content=298462150&amp;utm_source=hs_email\" target=\"_blank\" rel=\"noopener\">https:\/\/8171499.fs1.hubspotusercontent-na1.net\/hubfs\/8171499\/Legal\/20240315%20AFD_Breu_Guia_contenci%C3%B3%20de%20rendes_es.pdf?utm_campaign=Legal%20Q1%202024&amp;utm_medium=email&amp;_hsmi=298462150&amp;_hsenc=p2ANqtz\u2013S1DXECV1x65qNBX9hQdsZ5aYIWpLgXr0eH5uerz1Ih64epFB31QhGZUI1rEf3N-1_o4TC8Iz1ZP31ROSofyqzN-6GBw&amp;utm_content=298462150&amp;utm_source=hs_email<\/a><\/p>\n\n\n\n<figure class=\"wp-block-image size-full\"><img loading=\"lazy\" decoding=\"async\" width=\"700\" height=\"467\" src=\"https:\/\/agenapisos.com\/wp-content\/uploads\/2024\/03\/ley-indice-referencia-precio-alquiler-1.webp\" alt=\"\" class=\"wp-image-22067\" srcset=\"https:\/\/agenapisos.com\/wp-content\/uploads\/2024\/03\/ley-indice-referencia-precio-alquiler-1.webp 700w, https:\/\/agenapisos.com\/wp-content\/uploads\/2024\/03\/ley-indice-referencia-precio-alquiler-1-400x267.webp 400w\" sizes=\"auto, (max-width: 700px) 100vw, 700px\" \/><\/figure>\n\n<\/div><\/div><\/div>\n\n<div class=\"gb-grid-column gb-grid-column-227e8bb2 gb-grid-column-enllacos-item\"><div class=\"gb-container gb-container-227e8bb2 gb-container-enllacos-item\"><a class=\"gb-container-link\" href=\"https:\/\/certificacioenergetica.gencat.cat\/icaen-visor\/AppJava\/services\/certificats\/show?language=ca_ES\" rel=\"noopener noreferrer\" target=\"_blank\"><\/a><div class=\"gb-inside-container\">\n<div class=\"gb-grid-wrapper gb-grid-wrapper-0c1666b4 gb-grid-wrapper-enllacos-txt-grid\">\n<div class=\"gb-grid-column gb-grid-column-c1001343 gb-grid-column-enllacos-txt-container\"><div class=\"gb-container gb-container-c1001343 gb-container-enllacos-txt-container\"><div class=\"gb-inside-container\">\n\n<div class=\"gb-headline gb-headline-23734a32 gb-headline-text gb-headline-enllacos-txt\">INDICE REFERENCIA ALQUILER MINISTERIO VIVIENDA<\/div>\n\n\n\n<p><a href=\"https:\/\/serpavi.mivau.gob.es\/\" target=\"_blank\" rel=\"noopener\">https:\/\/serpavi.mivau.gob.es\/<\/a><\/p>\n\n<\/div><\/div><\/div>\n<\/div>\n\n\n<figure class=\"gb-block-image gb-block-image-8098acc0\"><img loading=\"lazy\" decoding=\"async\" width=\"1200\" height=\"800\" class=\"gb-image gb-image-8098acc0\" src=\"https:\/\/agenapisos.com\/wp-content\/uploads\/2024\/03\/indice-precios-de-referencia-alquiler-vivienda-sepavi.png\" alt=\"\u00cdNDICE PRECIO MAXIMO ALQUILER MINISTERIO VIVIENDA\" title=\"indice-precios-de-referencia-alquiler-vivienda-sepavi\" srcset=\"https:\/\/agenapisos.com\/wp-content\/uploads\/2024\/03\/indice-precios-de-referencia-alquiler-vivienda-sepavi.png 1200w, https:\/\/agenapisos.com\/wp-content\/uploads\/2024\/03\/indice-precios-de-referencia-alquiler-vivienda-sepavi-400x267.png 400w, https:\/\/agenapisos.com\/wp-content\/uploads\/2024\/03\/indice-precios-de-referencia-alquiler-vivienda-sepavi-768x512.png 768w\" sizes=\"auto, (max-width: 1200px) 100vw, 1200px\" \/><\/figure>\n\n<\/div><\/div><\/div>\n<\/div>\n<\/div><\/div>","protected":false},"excerpt":{"rendered":"","protected":false},"author":1,"featured_media":0,"parent":0,"menu_order":0,"comment_status":"closed","ping_status":"closed","template":"","meta":{"_acf_changed":false,"footnotes":""},"class_list":{"0":"post-12822","1":"page","2":"type-page","3":"status-publish","5":"infinite-scroll-item","6":"no-featured-image-padding"},"acf":[],"_links":{"self":[{"href":"https:\/\/agenapisos.com\/es\/wp-json\/wp\/v2\/pages\/12822","targetHints":{"allow":["GET"]}}],"collection":[{"href":"https:\/\/agenapisos.com\/es\/wp-json\/wp\/v2\/pages"}],"about":[{"href":"https:\/\/agenapisos.com\/es\/wp-json\/wp\/v2\/types\/page"}],"author":[{"embeddable":true,"href":"https:\/\/agenapisos.com\/es\/wp-json\/wp\/v2\/users\/1"}],"replies":[{"embeddable":true,"href":"https:\/\/agenapisos.com\/es\/wp-json\/wp\/v2\/comments?post=12822"}],"version-history":[{"count":4,"href":"https:\/\/agenapisos.com\/es\/wp-json\/wp\/v2\/pages\/12822\/revisions"}],"predecessor-version":[{"id":22072,"href":"https:\/\/agenapisos.com\/es\/wp-json\/wp\/v2\/pages\/12822\/revisions\/22072"}],"wp:attachment":[{"href":"https:\/\/agenapisos.com\/es\/wp-json\/wp\/v2\/media?parent=12822"}],"curies":[{"name":"wp","href":"https:\/\/api.w.org\/{rel}","templated":true}]}}